{"id":5177,"date":"2026-08-31T06:43:02","date_gmt":"2026-08-31T06:43:02","guid":{"rendered":"https:\/\/trendig.info\/?post_type=esemeny&#038;p=5177"},"modified":"2026-08-31T06:54:43","modified_gmt":"2026-08-31T06:54:43","slug":"meghivo-projektmenedzsment-es-munkaszervezesi-eszkozok-a-gyakorlatban-c-muhelymunkara","status":"publish","type":"esemeny","link":"https:\/\/trendig.info\/hu\/esemenyek\/meghivo-projektmenedzsment-es-munkaszervezesi-eszkozok-a-gyakorlatban-c-muhelymunkara\/","title":{"rendered":"Megh\u00edv\u00f3 \u2013 Projektmenedzsment \u00e9s munkaszervez\u00e9si eszk\u00f6z\u00f6k a gyakorlatban c. m\u0171helymunk\u00e1ra"},"content":{"rendered":"<p><strong>A feladatokat m\u00e9g mindig e-mailben, Excelben \u00e9s fejben k\u00f6vetik?<\/strong><\/p>\n<p><strong>\u00a0<\/strong>Ismerje meg, hogyan seg\u00edthet a mesters\u00e9ges intelligencia \u00e9s n\u00e9h\u00e1ny j\u00f3l megv\u00e1lasztott digit\u00e1lis eszk\u00f6z a projektek, feladatok \u00e9s inform\u00e1ci\u00f3k hat\u00e9kony kezel\u00e9s\u00e9ben! Gyakorlati workshop KKV-k sz\u00e1m\u00e1ra, val\u00f3s p\u00e9ld\u00e1kkal \u00e9s azonnal haszn\u00e1lhat\u00f3 megold\u00e1sokkal.<\/p>\n<p>Szeretettel megh\u00edvjuk a <strong>Trendig Plus projekt<\/strong> keret\u00e9ben megrendez\u00e9sre ker\u00fcl\u0151 <strong>\u201eProjektmenedzsment \u00e9s munkaszervez\u00e9si eszk\u00f6z\u00f6k a gyakorlatban\u201d <\/strong>c\u00edm\u0171 m\u0171helymunk\u00e1ra.<\/p>\n<p>\ud83d\udcc5 <strong>Id\u0151pont:<\/strong> 2026. szeptember 15. (kedd), 09:30\u201312:00<\/p>\n<p>\ud83d\udccd <strong>Helysz\u00edn:<\/strong> Megyeh\u00e1za (Szombathely, Berzsenyi D. t\u00e9r 1.) vagy online Zoom (https:\/\/us06web.zoom.us\/j\/81614731816?pwd=XHWbPoaYeDNJ7gkf1lLp2OEvoQUIo3.1)<\/p>\n<p>\ud83d\udcbb <strong>R\u00e9szv\u00e9teli lehet\u0151s\u00e9g:<\/strong> szem\u00e9lyesen vagy online<\/p>\n<ul>\n<li><strong>El\u0151ad\u00f3: Jo\u00f3s Attila, Webmark Europe Kft., \u00dcgyvezet\u0151<\/strong><\/li>\n<\/ul>\n<p>A workshop sor\u00e1n olyan gyakorlati k\u00e9rd\u00e9sekre keres\u00fcnk v\u00e1laszt, mint:<\/p>\n<ul>\n<li>Hol tartunk val\u00f3j\u00e1ban az aktu\u00e1lis feladatokkal?<\/li>\n<li>Elk\u00e9sz\u00fcl\u00fcnk hat\u00e1rid\u0151re?<\/li>\n<li>Ki foglalkozik \u00e9ppen az adott projekttel?<\/li>\n<li>Hol tal\u00e1lhat\u00f3 a legfrissebb inform\u00e1ci\u00f3?<\/li>\n<li>Hogyan lehet a feladatokat egy\u00e9rtelm\u0171en deleg\u00e1lni?<\/li>\n<li>Hogyan k\u00e9sz\u00fclhet egy megbesz\u00e9l\u00e9sb\u0151l n\u00e9h\u00e1ny perc alatt jegyz\u0151k\u00f6nyv \u00e9s feladatlista?<\/li>\n<li>Hogyan t\u00e1mogathatja az AI a napi munkaszervez\u00e9st \u00e9s projektmenedzsmentet?<\/li>\n<\/ul>\n<p>A r\u00e9sztvev\u0151k megismerhetik a legn\u00e9pszer\u0171bb projektmenedzsment \u00e9s munkaszervez\u00e9si eszk\u00f6z\u00f6ket, valamint azt is, hogyan haszn\u00e1lhat\u00f3 a <strong>Notion<\/strong>, a <strong>Claude.ai<\/strong> vagy ak\u00e1r a <strong>ChatGPT<\/strong> a projektek tervez\u00e9s\u00e9re, a feladatok nyomon k\u00f6vet\u00e9s\u00e9re \u00e9s a hat\u00e9konyabb egy\u00fcttm\u0171k\u00f6d\u00e9sre.<\/p>\n<p><strong>Regisztr\u00e1ci\u00f3<\/strong><\/p>\n<p>K\u00e9rj\u00fck, r\u00e9szv\u00e9teli sz\u00e1nd\u00e9k\u00e1t az al\u00e1bbi linken jelezze:<\/p>\n<p>\ud83d\udc49 <a href=\"https:\/\/forms.cloud.microsoft\/e\/AeJuEFM5JZ?origin=lprLink\">REGISZTR\u00c1CI\u00d3<\/a><\/p>\n<p>A r\u00e9szv\u00e9tel d\u00edjmentes, de el\u0151zetes regisztr\u00e1ci\u00f3hoz k\u00f6t\u00f6tt.<\/p>\n<p><strong>Tov\u00e1bbi inform\u00e1ci\u00f3<\/strong>: Dancsecs Roland projektmenedzser (roland.dancsecs@pannonnovum.hu) vagy Grujbern\u00e9 Skrapits Ildik\u00f3 tematikus koordin\u00e1tor (ildiko.skrapits@pannonnovum.hu)<\/p>\n","protected":false},"featured_media":5178,"template":"","class_list":["post-5177","esemeny","type-esemeny","status-publish","has-post-thumbnail","hentry"],"yoast_head":"<!-- This site is optimized with the Yoast SEO plugin v23.5 - https:\/\/yoast.com\/wordpress\/plugins\/seo\/ -->\n<title>Megh\u00edv\u00f3 \u2013 Projektmenedzsment \u00e9s munkaszervez\u00e9si eszk\u00f6z\u00f6k a gyakorlatban c. m\u0171helymunk\u00e1ra - Trendig<\/title>\n<meta name=\"robots\" content=\"index, follow, max-snippet:-1, max-image-preview:large, max-video-preview:-1\" \/>\n<link rel=\"canonical\" href=\"https:\/\/trendig.info\/hu\/esemenyek\/meghivo-projektmenedzsment-es-munkaszervezesi-eszkozok-a-gyakorlatban-c-muhelymunkara\/\" \/>\n<meta property=\"og:locale\" content=\"hu_HU\" \/>\n<meta property=\"og:type\" content=\"article\" \/>\n<meta property=\"og:title\" content=\"Megh\u00edv\u00f3 \u2013 Projektmenedzsment \u00e9s munkaszervez\u00e9si eszk\u00f6z\u00f6k a gyakorlatban c. m\u0171helymunk\u00e1ra - Trendig\" \/>\n<meta property=\"og:description\" content=\"A feladatokat m\u00e9g mindig e-mailben, Excelben \u00e9s fejben k\u00f6vetik? \u00a0Ismerje meg, hogyan seg\u00edthet a mesters\u00e9ges intelligencia \u00e9s n\u00e9h\u00e1ny j\u00f3l megv\u00e1lasztott digit\u00e1lis eszk\u00f6z a projektek, feladatok \u00e9s inform\u00e1ci\u00f3k hat\u00e9kony kezel\u00e9s\u00e9ben! Gyakorlati workshop KKV-k sz\u00e1m\u00e1ra, val\u00f3s p\u00e9ld\u00e1kkal \u00e9s azonnal haszn\u00e1lhat\u00f3 megold\u00e1sokkal. Szeretettel megh\u00edvjuk a Trendig Plus projekt keret\u00e9ben megrendez\u00e9sre ker\u00fcl\u0151 \u201eProjektmenedzsment \u00e9s munkaszervez\u00e9si eszk\u00f6z\u00f6k a gyakorlatban\u201d c\u00edm\u0171 [&hellip;]\" \/>\n<meta property=\"og:url\" content=\"https:\/\/trendig.info\/hu\/esemenyek\/meghivo-projektmenedzsment-es-munkaszervezesi-eszkozok-a-gyakorlatban-c-muhelymunkara\/\" \/>\n<meta property=\"og:site_name\" content=\"Trendig\" \/>\n<meta property=\"article:modified_time\" content=\"2026-08-31T06:54:43+00:00\" \/>\n<meta property=\"og:image\" content=\"https:\/\/trendig.info\/wp-content\/uploads\/2026\/08\/Trendig-Plus-2-Muhelymunka-v2.png\" \/>\n\t<meta property=\"og:image:width\" content=\"1537\" \/>\n\t<meta property=\"og:image:height\" content=\"1023\" \/>\n\t<meta property=\"og:image:type\" content=\"image\/png\" \/>\n<meta name=\"twitter:card\" content=\"summary_large_image\" \/>\n<meta name=\"twitter:label1\" content=\"Becs\u00fclt olvas\u00e1si id\u0151\" \/>\n\t<meta name=\"twitter:data1\" content=\"2 perc\" \/>\n<script type=\"application\/ld+json\" class=\"yoast-schema-graph\">{\"@context\":\"https:\/\/schema.org\",\"@graph\":[{\"@type\":\"WebPage\",\"@id\":\"https:\/\/trendig.info\/hu\/esemenyek\/meghivo-projektmenedzsment-es-munkaszervezesi-eszkozok-a-gyakorlatban-c-muhelymunkara\/\",\"url\":\"https:\/\/trendig.info\/hu\/esemenyek\/meghivo-projektmenedzsment-es-munkaszervezesi-eszkozok-a-gyakorlatban-c-muhelymunkara\/\",\"name\":\"Megh\u00edv\u00f3 \u2013 Projektmenedzsment \u00e9s munkaszervez\u00e9si eszk\u00f6z\u00f6k a gyakorlatban c. m\u0171helymunk\u00e1ra - Trendig\",\"isPartOf\":{\"@id\":\"https:\/\/trendig.info\/de\/#website\"},\"primaryImageOfPage\":{\"@id\":\"https:\/\/trendig.info\/hu\/esemenyek\/meghivo-projektmenedzsment-es-munkaszervezesi-eszkozok-a-gyakorlatban-c-muhelymunkara\/#primaryimage\"},\"image\":{\"@id\":\"https:\/\/trendig.info\/hu\/esemenyek\/meghivo-projektmenedzsment-es-munkaszervezesi-eszkozok-a-gyakorlatban-c-muhelymunkara\/#primaryimage\"},\"thumbnailUrl\":\"https:\/\/trendig.info\/wp-content\/uploads\/2026\/08\/Trendig-Plus-2-Muhelymunka-v2.png\",\"datePublished\":\"2026-08-31T06:43:02+00:00\",\"dateModified\":\"2026-08-31T06:54:43+00:00\",\"breadcrumb\":{\"@id\":\"https:\/\/trendig.info\/hu\/esemenyek\/meghivo-projektmenedzsment-es-munkaszervezesi-eszkozok-a-gyakorlatban-c-muhelymunkara\/#breadcrumb\"},\"inLanguage\":\"hu\",\"potentialAction\":[{\"@type\":\"ReadAction\",\"target\":[\"https:\/\/trendig.info\/hu\/esemenyek\/meghivo-projektmenedzsment-es-munkaszervezesi-eszkozok-a-gyakorlatban-c-muhelymunkara\/\"]}]},{\"@type\":\"ImageObject\",\"inLanguage\":\"hu\",\"@id\":\"https:\/\/trendig.info\/hu\/esemenyek\/meghivo-projektmenedzsment-es-munkaszervezesi-eszkozok-a-gyakorlatban-c-muhelymunkara\/#primaryimage\",\"url\":\"https:\/\/trendig.info\/wp-content\/uploads\/2026\/08\/Trendig-Plus-2-Muhelymunka-v2.png\",\"contentUrl\":\"https:\/\/trendig.info\/wp-content\/uploads\/2026\/08\/Trendig-Plus-2-Muhelymunka-v2.png\",\"width\":1537,\"height\":1023},{\"@type\":\"BreadcrumbList\",\"@id\":\"https:\/\/trendig.info\/hu\/esemenyek\/meghivo-projektmenedzsment-es-munkaszervezesi-eszkozok-a-gyakorlatban-c-muhelymunkara\/#breadcrumb\",\"itemListElement\":[{\"@type\":\"ListItem\",\"position\":1,\"name\":\"Kezd\u0151lap\",\"item\":\"https:\/\/trendig.info\/hu\/\"},{\"@type\":\"ListItem\",\"position\":2,\"name\":\"Events\",\"item\":\"https:\/\/trendig.info\/hu\/esemenyek\/\"},{\"@type\":\"ListItem\",\"position\":3,\"name\":\"Megh\u00edv\u00f3 \u2013 Projektmenedzsment \u00e9s munkaszervez\u00e9si eszk\u00f6z\u00f6k a gyakorlatban c. m\u0171helymunk\u00e1ra\"}]},{\"@type\":\"WebSite\",\"@id\":\"https:\/\/trendig.info\/de\/#website\",\"url\":\"https:\/\/trendig.info\/de\/\",\"name\":\"Trendig\",\"description\":\"Just another WordPress site\",\"potentialAction\":[{\"@type\":\"SearchAction\",\"target\":{\"@type\":\"EntryPoint\",\"urlTemplate\":\"https:\/\/trendig.info\/de\/?s={search_term_string}\"},\"query-input\":{\"@type\":\"PropertyValueSpecification\",\"valueRequired\":true,\"valueName\":\"search_term_string\"}}],\"inLanguage\":\"hu\"}]}<\/script>\n<!-- \/ Yoast SEO plugin. -->","yoast_head_json":{"title":"Megh\u00edv\u00f3 \u2013 Projektmenedzsment \u00e9s munkaszervez\u00e9si eszk\u00f6z\u00f6k a gyakorlatban c. m\u0171helymunk\u00e1ra - Trendig","robots":{"index":"index","follow":"follow","max-snippet":"max-snippet:-1","max-image-preview":"max-image-preview:large","max-video-preview":"max-video-preview:-1"},"canonical":"https:\/\/trendig.info\/hu\/esemenyek\/meghivo-projektmenedzsment-es-munkaszervezesi-eszkozok-a-gyakorlatban-c-muhelymunkara\/","og_locale":"hu_HU","og_type":"article","og_title":"Megh\u00edv\u00f3 \u2013 Projektmenedzsment \u00e9s munkaszervez\u00e9si eszk\u00f6z\u00f6k a gyakorlatban c. m\u0171helymunk\u00e1ra - Trendig","og_description":"A feladatokat m\u00e9g mindig e-mailben, Excelben \u00e9s fejben k\u00f6vetik? \u00a0Ismerje meg, hogyan seg\u00edthet a mesters\u00e9ges intelligencia \u00e9s n\u00e9h\u00e1ny j\u00f3l megv\u00e1lasztott digit\u00e1lis eszk\u00f6z a projektek, feladatok \u00e9s inform\u00e1ci\u00f3k hat\u00e9kony kezel\u00e9s\u00e9ben! Gyakorlati workshop KKV-k sz\u00e1m\u00e1ra, val\u00f3s p\u00e9ld\u00e1kkal \u00e9s azonnal haszn\u00e1lhat\u00f3 megold\u00e1sokkal. Szeretettel megh\u00edvjuk a Trendig Plus projekt keret\u00e9ben megrendez\u00e9sre ker\u00fcl\u0151 \u201eProjektmenedzsment \u00e9s munkaszervez\u00e9si eszk\u00f6z\u00f6k a gyakorlatban\u201d c\u00edm\u0171 [&hellip;]","og_url":"https:\/\/trendig.info\/hu\/esemenyek\/meghivo-projektmenedzsment-es-munkaszervezesi-eszkozok-a-gyakorlatban-c-muhelymunkara\/","og_site_name":"Trendig","article_modified_time":"2026-08-31T06:54:43+00:00","og_image":[{"width":1537,"height":1023,"url":"https:\/\/trendig.info\/wp-content\/uploads\/2026\/08\/Trendig-Plus-2-Muhelymunka-v2.png","type":"image\/png"}],"twitter_card":"summary_large_image","twitter_misc":{"Becs\u00fclt olvas\u00e1si id\u0151":"2 perc"},"schema":{"@context":"https:\/\/schema.org","@graph":[{"@type":"WebPage","@id":"https:\/\/trendig.info\/hu\/esemenyek\/meghivo-projektmenedzsment-es-munkaszervezesi-eszkozok-a-gyakorlatban-c-muhelymunkara\/","url":"https:\/\/trendig.info\/hu\/esemenyek\/meghivo-projektmenedzsment-es-munkaszervezesi-eszkozok-a-gyakorlatban-c-muhelymunkara\/","name":"Megh\u00edv\u00f3 \u2013 Projektmenedzsment \u00e9s munkaszervez\u00e9si eszk\u00f6z\u00f6k a gyakorlatban c. m\u0171helymunk\u00e1ra - Trendig","isPartOf":{"@id":"https:\/\/trendig.info\/de\/#website"},"primaryImageOfPage":{"@id":"https:\/\/trendig.info\/hu\/esemenyek\/meghivo-projektmenedzsment-es-munkaszervezesi-eszkozok-a-gyakorlatban-c-muhelymunkara\/#primaryimage"},"image":{"@id":"https:\/\/trendig.info\/hu\/esemenyek\/meghivo-projektmenedzsment-es-munkaszervezesi-eszkozok-a-gyakorlatban-c-muhelymunkara\/#primaryimage"},"thumbnailUrl":"https:\/\/trendig.info\/wp-content\/uploads\/2026\/08\/Trendig-Plus-2-Muhelymunka-v2.png","datePublished":"2026-08-31T06:43:02+00:00","dateModified":"2026-08-31T06:54:43+00:00","breadcrumb":{"@id":"https:\/\/trendig.info\/hu\/esemenyek\/meghivo-projektmenedzsment-es-munkaszervezesi-eszkozok-a-gyakorlatban-c-muhelymunkara\/#breadcrumb"},"inLanguage":"hu","potentialAction":[{"@type":"ReadAction","target":["https:\/\/trendig.info\/hu\/esemenyek\/meghivo-projektmenedzsment-es-munkaszervezesi-eszkozok-a-gyakorlatban-c-muhelymunkara\/"]}]},{"@type":"ImageObject","inLanguage":"hu","@id":"https:\/\/trendig.info\/hu\/esemenyek\/meghivo-projektmenedzsment-es-munkaszervezesi-eszkozok-a-gyakorlatban-c-muhelymunkara\/#primaryimage","url":"https:\/\/trendig.info\/wp-content\/uploads\/2026\/08\/Trendig-Plus-2-Muhelymunka-v2.png","contentUrl":"https:\/\/trendig.info\/wp-content\/uploads\/2026\/08\/Trendig-Plus-2-Muhelymunka-v2.png","width":1537,"height":1023},{"@type":"BreadcrumbList","@id":"https:\/\/trendig.info\/hu\/esemenyek\/meghivo-projektmenedzsment-es-munkaszervezesi-eszkozok-a-gyakorlatban-c-muhelymunkara\/#breadcrumb","itemListElement":[{"@type":"ListItem","position":1,"name":"Kezd\u0151lap","item":"https:\/\/trendig.info\/hu\/"},{"@type":"ListItem","position":2,"name":"Events","item":"https:\/\/trendig.info\/hu\/esemenyek\/"},{"@type":"ListItem","position":3,"name":"Megh\u00edv\u00f3 \u2013 Projektmenedzsment \u00e9s munkaszervez\u00e9si eszk\u00f6z\u00f6k a gyakorlatban c. m\u0171helymunk\u00e1ra"}]},{"@type":"WebSite","@id":"https:\/\/trendig.info\/de\/#website","url":"https:\/\/trendig.info\/de\/","name":"Trendig","description":"Just another WordPress site","potentialAction":[{"@type":"SearchAction","target":{"@type":"EntryPoint","urlTemplate":"https:\/\/trendig.info\/de\/?s={search_term_string}"},"query-input":{"@type":"PropertyValueSpecification","valueRequired":true,"valueName":"search_term_string"}}],"inLanguage":"hu"}]}},"_links":{"self":[{"href":"https:\/\/trendig.info\/hu\/wp-json\/wp\/v2\/esemeny\/5177","targetHints":{"allow":["GET"]}}],"collection":[{"href":"https:\/\/trendig.info\/hu\/wp-json\/wp\/v2\/esemeny"}],"about":[{"href":"https:\/\/trendig.info\/hu\/wp-json\/wp\/v2\/types\/esemeny"}],"wp:featuredmedia":[{"embeddable":true,"href":"https:\/\/trendig.info\/hu\/wp-json\/wp\/v2\/media\/5178"}],"wp:attachment":[{"href":"https:\/\/trendig.info\/hu\/wp-json\/wp\/v2\/media?parent=5177"}],"curies":[{"name":"wp","href":"https:\/\/api.w.org\/{rel}","templated":true}]}}